{"id":86,"date":"2016-03-30T10:50:59","date_gmt":"2016-03-30T16:50:59","guid":{"rendered":"http:\/\/www.suwebmaster.info\/fecacso\/?page_id=86"},"modified":"2020-02-11T14:41:19","modified_gmt":"2020-02-11T20:41:19","slug":"costa-rica","status":"publish","type":"page","link":"http:\/\/fecacso.com\/?page_id=86","title":{"rendered":"Costa Rica"},"content":{"rendered":"<h1>Costa Rica\u00a0<a href=\"http:\/\/www.fecacso.com\/wp-content\/uploads\/2016\/03\/bandera-costa-rica.jpg\"><img loading=\"lazy\" decoding=\"async\" class=\"alignnone wp-image-174\" src=\"http:\/\/www.fecacso.com\/wp-content\/uploads\/2016\/03\/bandera-costa-rica.jpg\" alt=\"bandera costa rica\" width=\"50\" height=\"33\" \/><br \/>\n<\/a><a href=\"http:\/\/www.fecacso.com\/wp-content\/uploads\/2016\/03\/lugares-turisticos-Costa-Rica.jpg\"><img loading=\"lazy\" decoding=\"async\" class=\"alignnone wp-image-175\" src=\"http:\/\/www.fecacso.com\/wp-content\/uploads\/2016\/03\/lugares-turisticos-Costa-Rica.jpg\" alt=\"lugares turisticos Costa Rica\" width=\"700\" height=\"117\" srcset=\"http:\/\/fecacso.com\/wp-content\/uploads\/2016\/03\/lugares-turisticos-Costa-Rica.jpg 600w, http:\/\/fecacso.com\/wp-content\/uploads\/2016\/03\/lugares-turisticos-Costa-Rica-300x50.jpg 300w\" sizes=\"(max-width: 700px) 100vw, 700px\" \/><\/a><\/h1>\n<p><a href=\"http:\/\/www.fecacso.com\/wp-content\/uploads\/2016\/03\/lugares-turisticos-Costa-Rica.jpg\"><br \/>\n<\/a><a href=\"http:\/\/www.fecacso.com\/wp-content\/uploads\/2016\/03\/Acomet.jpg\"><img loading=\"lazy\" decoding=\"async\" class=\"alignnone wp-image-177\" src=\"http:\/\/www.fecacso.com\/wp-content\/uploads\/2016\/03\/Acomet-150x150.jpg\" alt=\"MEDICAL CERTIFICATION STANDARDS and PROCEDURES TRAINING (p\u00e1gina\" width=\"100\" height=\"99\" srcset=\"http:\/\/fecacso.com\/wp-content\/uploads\/2016\/03\/Acomet-150x150.jpg 150w, http:\/\/fecacso.com\/wp-content\/uploads\/2016\/03\/Acomet-300x298.jpg 300w, http:\/\/fecacso.com\/wp-content\/uploads\/2016\/03\/Acomet-230x230.jpg 230w, http:\/\/fecacso.com\/wp-content\/uploads\/2016\/03\/Acomet-330x330.jpg 330w, http:\/\/fecacso.com\/wp-content\/uploads\/2016\/03\/Acomet.jpg 651w\" sizes=\"(max-width: 100px) 100vw, 100px\" \/><br \/>\n<\/a>Asociaci\u00f3n Costarricense de Medicina del Trabajo<br \/>\nSan Jos\u00e9, Costa Rica<br \/>\nwww.acomet.net<br \/>\nacometcr@gmail.com<br \/>\n<a href=\"https:\/\/www.facebook.com\/ACOMETCR\/\">Facebook: Asociaci\u00f3n Costarricense de Medicina del Trabajo<\/a><\/p>\n<p><strong>Nueva Junta Directiva 2019-2021<\/strong><\/p>\n<p><a href=\"http:\/\/fecacso.com\/wp-content\/uploads\/2020\/02\/ACOMET19-21.jpg\"><img loading=\"lazy\" decoding=\"async\" class=\"alignnone wp-image-602\" src=\"http:\/\/fecacso.com\/wp-content\/uploads\/2020\/02\/ACOMET19-21-300x200.jpg\" alt=\"\" width=\"380\" height=\"253\" srcset=\"http:\/\/fecacso.com\/wp-content\/uploads\/2020\/02\/ACOMET19-21-300x200.jpg 300w, http:\/\/fecacso.com\/wp-content\/uploads\/2020\/02\/ACOMET19-21-768x512.jpg 768w, http:\/\/fecacso.com\/wp-content\/uploads\/2020\/02\/ACOMET19-21-1024x683.jpg 1024w\" sizes=\"(max-width: 380px) 100vw, 380px\" \/><\/a><\/p>\n<p>En la foto de derecha a Izquierda :<br \/>\nVice Presidente, Presidenta, Secretario, Fiscal, Tesorero y Vocal<\/p>\n<div class=\"yiv3671981626\"><em><strong>PRESIDENTA:<\/strong><\/em> Dra. Viviana G\u00f3mez S\u00e1nchez<\/div>\n<div class=\"yiv3671981626\"><em><strong>VICEPRESIDENTE:<\/strong><\/em> Dr. Erick M\u00e9ndez Rodr\u00edguez<\/div>\n<div class=\"yiv3671981626\"><em><strong>SECRETARIO:<\/strong><\/em> Dr. Diego Moya Zeled\u00f3n<\/div>\n<div class=\"yiv3671981626\"><strong><em>TESORERO:<\/em><\/strong> Dr. Osvaldo Bola\u00f1os Monge<\/div>\n<div class=\"yiv3671981626\"><em><strong>VOCAL:<\/strong><\/em> Dra. Maribel Kuy Botacio<\/div>\n<div class=\"yiv3671981626\"><em><strong>FISCAL:<\/strong> <\/em>Dra. F\u00e1tima V\u00e1squez V\u00e1squez<\/div>\n<p>&nbsp;<\/p>\n<p>&nbsp;<\/p>\n<p>&nbsp;<\/p>\n<h1 style=\"text-align: center;\"><em><strong>XVII Congreso Latinoamericano <\/strong><\/em><\/h1>\n<h1 style=\"text-align: center;\"><em><strong>de Salud Ocupacional\u00a0<\/strong><\/em><\/h1>\n<h3 style=\"text-align: center;\"><em><strong>ALSO San Jos\u00e9 Costa Rica 2021<\/strong><\/em><\/h3>\n<p style=\"text-align: center;\"><img loading=\"lazy\" decoding=\"async\" class=\"alignnone wp-image-599\" src=\"http:\/\/fecacso.com\/wp-content\/uploads\/2020\/02\/Afiche-de-ALSO-2021-300x169.jpeg\" alt=\"\" width=\"596\" height=\"336\" srcset=\"http:\/\/fecacso.com\/wp-content\/uploads\/2020\/02\/Afiche-de-ALSO-2021-300x169.jpeg 300w, http:\/\/fecacso.com\/wp-content\/uploads\/2020\/02\/Afiche-de-ALSO-2021-768x432.jpeg 768w, http:\/\/fecacso.com\/wp-content\/uploads\/2020\/02\/Afiche-de-ALSO-2021-1024x576.jpeg 1024w, http:\/\/fecacso.com\/wp-content\/uploads\/2020\/02\/Afiche-de-ALSO-2021.jpeg 1280w\" sizes=\"(max-width: 596px) 100vw, 596px\" \/><\/p>\n<p style=\"text-align: center;\"><strong>Pronto m\u00e1s informaci\u00f3n<\/strong><\/p>\n<p>&nbsp;<\/p>\n<p>&nbsp;<\/p>\n","protected":false},"excerpt":{"rendered":"<p>Costa Rica\u00a0 Asociaci\u00f3n Costarricense de Medicina del Trabajo San Jos\u00e9, Costa Rica www.acomet.net acometcr@gmail.com Facebook: Asociaci\u00f3n Costarricense de Medicina del Trabajo Nueva Junta Directiva 2019-2021 En la foto de derecha a Izquierda : Vice Presidente, Presidenta, Secretario, Fiscal, Tesorero y<\/p>\n","protected":false},"author":2,"featured_media":0,"parent":0,"menu_order":0,"comment_status":"open","ping_status":"open","template":"","meta":{"footnotes":""},"_links":{"self":[{"href":"http:\/\/fecacso.com\/index.php?rest_route=\/wp\/v2\/pages\/86"}],"collection":[{"href":"http:\/\/fecacso.com\/index.php?rest_route=\/wp\/v2\/pages"}],"about":[{"href":"http:\/\/fecacso.com\/index.php?rest_route=\/wp\/v2\/types\/page"}],"author":[{"embeddable":true,"href":"http:\/\/fecacso.com\/index.php?rest_route=\/wp\/v2\/users\/2"}],"replies":[{"embeddable":true,"href":"http:\/\/fecacso.com\/index.php?rest_route=%2Fwp%2Fv2%2Fcomments&post=86"}],"version-history":[{"count":13,"href":"http:\/\/fecacso.com\/index.php?rest_route=\/wp\/v2\/pages\/86\/revisions"}],"predecessor-version":[{"id":605,"href":"http:\/\/fecacso.com\/index.php?rest_route=\/wp\/v2\/pages\/86\/revisions\/605"}],"wp:attachment":[{"href":"http:\/\/fecacso.com\/index.php?rest_route=%2Fwp%2Fv2%2Fmedia&parent=86"}],"curies":[{"name":"wp","href":"https:\/\/api.w.org\/{rel}","templated":true}]}}