{"id":283,"date":"2016-08-09T19:46:02","date_gmt":"2016-08-10T01:46:02","guid":{"rendered":"http:\/\/www.suwebmaster.info\/fecacso\/?page_id=283"},"modified":"2024-08-22T14:35:44","modified_gmt":"2024-08-22T20:35:44","slug":"ex-presidentes","status":"publish","type":"page","link":"http:\/\/fecacso.com\/?page_id=283","title":{"rendered":"Presidentes"},"content":{"rendered":"<p>2000 \u00a0<img loading=\"lazy\" decoding=\"async\" class=\"alignnone wp-image-158\" src=\"http:\/\/www.fecacso.com\/wp-content\/uploads\/2016\/03\/bandera-guatemala.jpg\" alt=\"bandera guatemala\" width=\"25\" height=\"16\" \/>\u00a0Dr. Marco Aurelio Urizar, Guatemala<\/p>\n<p>2002 \u00a0<a href=\"http:\/\/www.fecacso.com\/wp-content\/uploads\/2016\/03\/bandera-costa-rica.jpg\"><img loading=\"lazy\" decoding=\"async\" class=\"alignnone wp-image-174\" src=\"http:\/\/www.fecacso.com\/wp-content\/uploads\/2016\/03\/bandera-costa-rica.jpg\" alt=\"bandera costa rica\" width=\"25\" height=\"17\" \/><\/a>\u00a0Dr. Marco Garc\u00eda, Costa Rica<\/p>\n<p>2004 \u00a0<a href=\"http:\/\/www.fecacso.com\/wp-content\/uploads\/2016\/03\/bandera-honduras.jpg\"><img loading=\"lazy\" decoding=\"async\" class=\"alignnone wp-image-150\" src=\"http:\/\/www.fecacso.com\/wp-content\/uploads\/2016\/03\/bandera-honduras.jpg\" alt=\"bandera honduras\" width=\"25\" height=\"13\" srcset=\"http:\/\/fecacso.com\/wp-content\/uploads\/2016\/03\/bandera-honduras.jpg 318w, http:\/\/fecacso.com\/wp-content\/uploads\/2016\/03\/bandera-honduras-300x150.jpg 300w\" sizes=\"(max-width: 25px) 100vw, 25px\" \/><\/a>\u00a0Dr. Mario Sabill\u00f3n, Honduras<\/p>\n<p>2006 \u00a0<a href=\"http:\/\/www.fecacso.com\/wp-content\/uploads\/2016\/03\/El-Salvador.gif\"><img loading=\"lazy\" decoding=\"async\" class=\"alignnone wp-image-188\" src=\"http:\/\/www.fecacso.com\/wp-content\/uploads\/2016\/03\/El-Salvador.gif\" alt=\"El Salvador\" width=\"25\" height=\"17\" \/><\/a>\u00a0Dr. David Panam\u00e1, El Salvador<\/p>\n<p>2008 <a href=\"http:\/\/www.fecacso.com\/wp-content\/uploads\/2016\/03\/bandera-rep-dominicana.jpg\"><img loading=\"lazy\" decoding=\"async\" class=\"alignnone wp-image-217\" src=\"http:\/\/www.fecacso.com\/wp-content\/uploads\/2016\/03\/bandera-rep-dominicana.jpg\" alt=\"bandera rep dominicana\" width=\"25\" height=\"16\" \/><\/a>\u00a0Dra. Dulce Soto, Rep. Dominicana<\/p>\n<p>2010 \u00a0<a href=\"http:\/\/fecacso.com\/wp-content\/uploads\/2016\/08\/bandera-cuba.png\"><img loading=\"lazy\" decoding=\"async\" class=\"alignnone wp-image-181\" src=\"http:\/\/fecacso.com\/wp-content\/uploads\/2016\/08\/bandera-cuba.png\" alt=\"bandera cuba\" width=\"25\" height=\"17\" \/><\/a>\u00a0Dra.\u00a0Mar\u00eda Esther Linares, Cuba<\/p>\n<p>2012 \u00a0<a href=\"http:\/\/www.fecacso.com\/wp-content\/uploads\/2016\/03\/bandera-mexico.png\"><img loading=\"lazy\" decoding=\"async\" class=\"alignnone wp-image-193\" src=\"http:\/\/www.fecacso.com\/wp-content\/uploads\/2016\/03\/bandera-mexico.png\" alt=\"bandera mexico\" width=\"25\" height=\"14\" \/><\/a> \u00a0Dr. Carlos Espejo, M\u00e9xico<\/p>\n<p>2014 \u00a0<a href=\"http:\/\/www.fecacso.com\/wp-content\/uploads\/2016\/03\/bandera-colombia.jpg\"><img loading=\"lazy\" decoding=\"async\" class=\"alignnone wp-image-167\" src=\"http:\/\/www.fecacso.com\/wp-content\/uploads\/2016\/03\/bandera-colombia.jpg\" alt=\"bandera colombia\" width=\"25\" height=\"17\" \/><\/a>\u00a0Dr. C\u00e1stulo Rodr\u00edguez, Colombia<\/p>\n<p>2016 <a href=\"http:\/\/www.fecacso.com\/wp-content\/uploads\/2016\/03\/bandera-honduras.jpg\"><img loading=\"lazy\" decoding=\"async\" class=\"alignnone wp-image-150\" src=\"http:\/\/www.fecacso.com\/wp-content\/uploads\/2016\/03\/bandera-honduras.jpg\" alt=\"bandera honduras\" width=\"30\" height=\"15\" srcset=\"http:\/\/fecacso.com\/wp-content\/uploads\/2016\/03\/bandera-honduras.jpg 318w, http:\/\/fecacso.com\/wp-content\/uploads\/2016\/03\/bandera-honduras-300x150.jpg 300w\" sizes=\"(max-width: 30px) 100vw, 30px\" \/><\/a>\u00a0\u00a0Dra. Hilda Hern\u00e1ndez, Honduras<\/p>\n<p>2018\u00a0\u00a0<img loading=\"lazy\" decoding=\"async\" class=\"alignnone wp-image-206\" src=\"http:\/\/fecacso.com\/wp-content\/uploads\/2016\/03\/bandera-panama.jpg\" alt=\"\" width=\"30\" height=\"20\" \/> Mgt. Jose Iv\u00e1n Rodr\u00edguez Espino, Panam\u00e1<\/p>\n<p>2020\u00a0 <img loading=\"lazy\" decoding=\"async\" class=\"\" src=\"https:\/\/upload.wikimedia.org\/wikipedia\/commons\/thumb\/d\/dc\/Flag_of_Puerto_Rico_%281952%E2%80%931995%29.svg\/200px-Flag_of_Puerto_Rico_%281952%E2%80%931995%29.svg.png\" alt=\"Bandera de Puerto Rico - Wikipedia, la enciclopedia libre\" width=\"29\" height=\"20\" \/> Dr. Ram\u00f3n Rodr\u00edguez, Puerto Rico<\/p>\n<p>2022\u00a0 <img loading=\"lazy\" decoding=\"async\" class=\"\" src=\"https:\/\/upload.wikimedia.org\/wikipedia\/commons\/thumb\/0\/06\/Flag_of_Venezuela.svg\/2560px-Flag_of_Venezuela.svg.png\" alt=\"Archivo:Flag of Venezuela.svg - Wikipedia, la enciclopedia libre\" width=\"30\" height=\"20\" \/> MSc. Igor Bello, Venezuela<\/p>\n\n\n<p><\/p>\n","protected":false},"excerpt":{"rendered":"<p>2000 \u00a0\u00a0Dr. Marco Aurelio Urizar, Guatemala 2002 \u00a0\u00a0Dr. Marco Garc\u00eda, Costa Rica 2004 \u00a0\u00a0Dr. Mario Sabill\u00f3n, Honduras 2006 \u00a0\u00a0Dr. David Panam\u00e1, El Salvador 2008 \u00a0Dra. Dulce Soto, Rep. Dominicana 2010 \u00a0\u00a0Dra.\u00a0Mar\u00eda Esther Linares, Cuba 2012 \u00a0 \u00a0Dr. Carlos Espejo, M\u00e9xico<\/p>\n","protected":false},"author":2,"featured_media":0,"parent":0,"menu_order":0,"comment_status":"open","ping_status":"closed","template":"","meta":{"footnotes":""},"_links":{"self":[{"href":"http:\/\/fecacso.com\/index.php?rest_route=\/wp\/v2\/pages\/283"}],"collection":[{"href":"http:\/\/fecacso.com\/index.php?rest_route=\/wp\/v2\/pages"}],"about":[{"href":"http:\/\/fecacso.com\/index.php?rest_route=\/wp\/v2\/types\/page"}],"author":[{"embeddable":true,"href":"http:\/\/fecacso.com\/index.php?rest_route=\/wp\/v2\/users\/2"}],"replies":[{"embeddable":true,"href":"http:\/\/fecacso.com\/index.php?rest_route=%2Fwp%2Fv2%2Fcomments&post=283"}],"version-history":[{"count":12,"href":"http:\/\/fecacso.com\/index.php?rest_route=\/wp\/v2\/pages\/283\/revisions"}],"predecessor-version":[{"id":3016,"href":"http:\/\/fecacso.com\/index.php?rest_route=\/wp\/v2\/pages\/283\/revisions\/3016"}],"wp:attachment":[{"href":"http:\/\/fecacso.com\/index.php?rest_route=%2Fwp%2Fv2%2Fmedia&parent=283"}],"curies":[{"name":"wp","href":"https:\/\/api.w.org\/{rel}","templated":true}]}}